{"id":27,"date":"2019-05-02T21:54:03","date_gmt":"2019-05-02T21:54:03","guid":{"rendered":"http:\/\/localhost\/wordpress\/?page_id=27"},"modified":"2020-12-23T20:36:25","modified_gmt":"2020-12-23T20:36:25","slug":"sobre-nos","status":"publish","type":"page","link":"https:\/\/quimidex.ufsc.br\/index.php\/sobre-nos\/","title":{"rendered":"Sobre N\u00f3s"},"content":{"rendered":"\n<div class=\"wp-block-columns\">\n<div class=\"wp-block-column\">\n<h1 class=\"has-text-align-center\">Sobre n\u00f3s<\/h1>\n\n\n\n<div style=\"height:20px\" aria-hidden=\"true\" class=\"wp-block-spacer\"><\/div>\n\n\n\n<p>Inaugurado em junho de 1999, o QUIMIDEX \u00e9 um espa\u00e7o n\u00e3o formal vinculado ao Departamento de Qu\u00edmica da UFSC. O projeto tem como miss\u00e3o: \u201c<em>apresentar a qu\u00edmica em nosso dia a dia, de forma mais atrativa e significativa, e, em muitos casos, at\u00e9 l\u00fadica, usando um importante recurso did\u00e1tico: a experimenta\u00e7\u00e3o<\/em>\u201d.<\/p>\n\n\n\n<p>No in\u00edcio o QUIMIDEX ocupava um pequeno espa\u00e7o no Centro de Ci\u00eancias F\u00edsicas e Matem\u00e1ticas (CFM).&nbsp;Em 2012, quando completou 13 anos, o espa\u00e7o passou por uma reformula\u00e7\u00e3o. Todo o acervo passou a ocupar&nbsp;uma das salas no andar t\u00e9rreo do Bloco EFI (Espa\u00e7o F\u00edsico Integrado).&nbsp;<\/p>\n\n\n\n<p>Saiba mais em Hist\u00f3ria.<\/p>\n<\/div>\n\n\n\n<div class=\"wp-block-column\">\n<figure class=\"wp-block-image size-full\"><img data-attachment-id=\"7500\" data-permalink=\"https:\/\/quimidex.ufsc.br\/index.php\/sobre-nos\/quimiani\/\" data-orig-file=\"https:\/\/quimidex.ufsc.br\/wp-content\/uploads\/2020\/11\/quimiani.gif\" data-orig-size=\"500,422\" data-comments-opened=\"1\" data-image-meta=\"{&quot;aperture&quot;:&quot;0&quot;,&quot;credit&quot;:&quot;&quot;,&quot;camera&quot;:&quot;&quot;,&quot;caption&quot;:&quot;&quot;,&quot;created_timestamp&quot;:&quot;0&quot;,&quot;copyright&quot;:&quot;&quot;,&quot;focal_length&quot;:&quot;0&quot;,&quot;iso&quot;:&quot;0&quot;,&quot;shutter_speed&quot;:&quot;0&quot;,&quot;title&quot;:&quot;&quot;,&quot;orientation&quot;:&quot;0&quot;}\" data-image-title=\"quimiani\" data-image-description=\"\" data-medium-file=\"https:\/\/quimidex.ufsc.br\/wp-content\/uploads\/2020\/11\/quimiani-300x253.gif\" data-large-file=\"https:\/\/quimidex.ufsc.br\/wp-content\/uploads\/2020\/11\/quimiani.gif\" loading=\"lazy\" width=\"500\" height=\"422\" src=\"http:\/\/quimidex.ufsc.br\/wp-content\/uploads\/2020\/11\/quimiani.gif\" alt=\"I\" class=\"wp-image-7500\"\/><\/figure>\n<\/div>\n<\/div>\n\n\n\n<h2>Mais:<\/h2>\n\n\n\n<div class=\"wp-block-columns\">\n<div class=\"wp-block-column\">\n<div class=\"col-md-12 text-center\" style=\"border-right: 1px solid #E3E3E3;\">\n<a href=\"https:\/\/quimidex.ufsc.br\/index.php\/historia-quimidex\/\"><center><img src=\"http:\/\/quimidex.ufsc.br\/wp-content\/uploads\/2020\/11\/icone-historia-e1606150662466.png\" style=\"width:50%;margin-bottom:20px;\"><\/center>\n<h2>Ir para <u style=\"text-decoration-color:#ff64ae;\">Hist\u00f3ria<\/u><\/h2><\/a>\n<\/div>\n<\/div>\n\n\n\n<div class=\"wp-block-column\">\n<div class=\"col-md-12 text-center\" style=\"border-right: 1px solid #E3E3E3;\">\n<a href=\"https:\/\/quimidex.ufsc.br\/index.php\/sobre-nos\/equipe\/\"><center><img src=\"http:\/\/quimidex.ufsc.br\/wp-content\/uploads\/2020\/11\/icone-equipe-e1606150760605.png\" style=\"width:50%;margin-bottom:20px;\"><\/center>\n<h2>Ir para <u style=\"text-decoration-color:#ff64ae;\">Equipe<\/u><\/h2><\/a>\n<\/div>\n<\/div>\n\n\n\n<div class=\"wp-block-column\">\n<div class=\"col-md-12 text-center\">\n<a href=\"https:\/\/quimidex.ufsc.br\/index.php\/publicacoes\/\"><center><img src=\"http:\/\/quimidex.ufsc.br\/wp-content\/uploads\/2020\/11\/publicacoes-alinhado-e1606150681453.png\" style=\"width:50%;margin-bottom:20px;\"><\/center>\n<h2>Ir para <u style=\"text-decoration-color:#ff64ae;\">Publica\u00e7\u00f5es<\/u><\/h2><\/a>\n<\/div>\n<\/div>\n<\/div>\n","protected":false},"excerpt":{"rendered":"<p>Sobre n\u00f3s Inaugurado em junho de 1999, o QUIMIDEX \u00e9 um espa\u00e7o n\u00e3o formal vinculado ao Departamento de Qu\u00edmica da UFSC. O projeto tem como miss\u00e3o: \u201capresentar a qu\u00edmica em nosso dia a dia, de forma mais atrativa e significativa, e, em muitos casos, at\u00e9 l\u00fadica, usando um importante recurso did\u00e1tico: a experimenta\u00e7\u00e3o\u201d. No in\u00edcio [&hellip;]<\/p>\n","protected":false},"author":1,"featured_media":0,"parent":0,"menu_order":0,"comment_status":"closed","ping_status":"closed","template":"","meta":{"spay_email":""},"featured_image_src":null,"featured_image_src_square":null,"uagb_featured_image_src":{"full":false,"thumbnail":false,"medium":false,"medium_large":false,"large":false,"1536x1536":false,"2048x2048":false,"ab-block-post-grid-landscape":false,"ab-block-post-grid-square":false},"uagb_author_info":{"display_name":"admin","author_link":"https:\/\/quimidex.ufsc.br\/index.php\/author\/admin\/"},"uagb_comment_info":0,"uagb_excerpt":"Sobre n\u00f3s Inaugurado em junho de 1999, o QUIMIDEX \u00e9 um espa\u00e7o n\u00e3o formal vinculado ao Departamento de Qu\u00edmica da UFSC. O projeto tem como miss\u00e3o: \u201capresentar a qu\u00edmica em nosso dia a dia, de forma mais atrativa e significativa, e, em muitos casos, at\u00e9 l\u00fadica, usando um importante recurso did\u00e1tico: a experimenta\u00e7\u00e3o\u201d. No in\u00edcio&hellip;","_links":{"self":[{"href":"https:\/\/quimidex.ufsc.br\/index.php\/wp-json\/wp\/v2\/pages\/27"}],"collection":[{"href":"https:\/\/quimidex.ufsc.br\/index.php\/wp-json\/wp\/v2\/pages"}],"about":[{"href":"https:\/\/quimidex.ufsc.br\/index.php\/wp-json\/wp\/v2\/types\/page"}],"author":[{"embeddable":true,"href":"https:\/\/quimidex.ufsc.br\/index.php\/wp-json\/wp\/v2\/users\/1"}],"replies":[{"embeddable":true,"href":"https:\/\/quimidex.ufsc.br\/index.php\/wp-json\/wp\/v2\/comments?post=27"}],"version-history":[{"count":17,"href":"https:\/\/quimidex.ufsc.br\/index.php\/wp-json\/wp\/v2\/pages\/27\/revisions"}],"predecessor-version":[{"id":7857,"href":"https:\/\/quimidex.ufsc.br\/index.php\/wp-json\/wp\/v2\/pages\/27\/revisions\/7857"}],"wp:attachment":[{"href":"https:\/\/quimidex.ufsc.br\/index.php\/wp-json\/wp\/v2\/media?parent=27"}],"curies":[{"name":"wp","href":"https:\/\/api.w.org\/{rel}","templated":true}]}}